{"id":7504,"date":"2024-10-03T08:34:23","date_gmt":"2024-10-03T06:34:23","guid":{"rendered":"https:\/\/csavoly.hu\/wp\/?page_id=7504"},"modified":"2024-10-03T08:40:28","modified_gmt":"2024-10-03T06:40:28","slug":"allamigazgatasi-onkormanyzati-es-egyeb-hatosagi-ugyekben-ugyfajtankent-es-eljarastipusonkent-a-hataskorrel-rendelkezo-szerv-megnevezese-hataskor-gyakorlasanak-atruhazasa-eseten-a-tenylegesen-eljaro","status":"publish","type":"page","link":"https:\/\/csavoly.hu\/wp\/?page_id=7504","title":{"rendered":"\u00c1llamigazgat\u00e1si, \u00f6nkorm\u00e1nyzati, \u00e9s egy\u00e9b hat\u00f3s\u00e1gi \u00fcgyekben \u00fcgyfajt\u00e1nk\u00e9nt \u00e9s elj\u00e1r\u00e1st\u00edpusonk\u00e9nt a hat\u00e1sk\u00f6rrel rendelkez\u0151 szerv megnevez\u00e9se, hat\u00e1sk\u00f6r gyakorl\u00e1s\u00e1nak \u00e1truh\u00e1z\u00e1sa eset\u00e9n a t\u00e9nylegesen elj\u00e1r\u00f3 szerv megnevez\u00e9se, illet\u00e9kess\u00e9gi ter\u00fclete, az \u00fcgyint\u00e9z\u00e9shez sz\u00fcks\u00e9ges dokumentumok, okm\u00e1nyok, elj\u00e1r\u00e1si illet\u00e9kek (igazgat\u00e1si szolg\u00e1ltat\u00e1si d\u00edjak) meghat\u00e1roz\u00e1sa, alapvet\u0151 elj\u00e1r\u00e1si szab\u00e1lyok, az elj\u00e1r\u00e1st megind\u00edt\u00f3 irat beny\u00fajt\u00e1s\u00e1nak m\u00f3dja (helye, ideje), \u00fcgyf\u00e9lfogad\u00e1s ideje, az \u00fcgyint\u00e9z\u00e9s hat\u00e1rideje (elint\u00e9z\u00e9si, fellebbez\u00e9si hat\u00e1rid\u0151), az \u00fcgyek int\u00e9z\u00e9s\u00e9t seg\u00edt\u0151 \u00fatmutat\u00f3k, az \u00fcgymenetre vonatkoz\u00f3 t\u00e1j\u00e9koztat\u00e1s \u00e9s az \u00fcgyint\u00e9z\u00e9shez haszn\u00e1lt let\u00f6lthet\u0151 formanyomtatv\u00e1nyok, az ig\u00e9nybe vehet\u0151 elektronikus programok el\u00e9r\u00e9se, id\u0151pontfoglal\u00e1s, az \u00fcgyt\u00edpusokhoz kapcsol\u00f3d\u00f3 jogszab\u00e1lyok jegyz\u00e9ke, t\u00e1j\u00e9koztat\u00e1s az \u00fcgyfelet megillet\u0151 jogokr\u00f3l \u00e9s az \u00fcgyfelet terhel\u0151 k\u00f6telezetts\u00e9gekr\u0151l\u00a0"},"content":{"rendered":"\n<p><strong>AD\u00d3\u00dcGYEK <\/strong><strong><\/strong><\/p>\n\n\n\n<p><strong><u>\u00dcgyfajta: Fizet\u00e9s m\u00f3dos\u00edt\u00e1si k\u00e9relem, r\u00e9szletfizet\u00e9si k\u00e9relem, ad\u00f3m\u00e9rs\u00e9kl\u00e9si k\u00e9relem, ad\u00f3el\u0151leg m\u00f3dos\u00edt\u00e1si k\u00e9relem, v\u00e9grehajt\u00e1si kifog\u00e1s<\/u><\/strong><\/p>\n\n\n\n<p><strong>Hat\u00e1sk\u00f6rrel rendelkez\u0151 szerv megnevez\u00e9se:<\/strong><\/p>\n\n\n\n<p>Fels\u0151szentiv\u00e1ni K\u00f6z\u00f6s \u00d6nkorm\u00e1nyzati Hivatal Jegyz\u0151je<\/p>\n\n\n\n<p><br><strong>&nbsp;Az \u00fcgyint\u00e9z\u00e9si folyamat le\u00edr\u00e1sa:<\/strong><\/p>\n\n\n\n<p><strong>&nbsp;<\/strong>Az elj\u00e1r\u00e1s kezdem\u00e9nyez\u0151je az ad\u00f3z\u00f3, az ad\u00f3fizet\u00e9sre k\u00f6telezett, vagy k\u00e9pvisel\u0151je, meghatalmazottja, tov\u00e1bb\u00e1 az \u00fcgy \u00e9rintettje lehet.<\/p>\n\n\n\n<p>&nbsp;A k\u00e9relem beny\u00fajt\u00e1s\u00e1ra nyitva \u00e1ll\u00f3 hat\u00e1rid\u0151:<\/p>\n\n\n\n<p>&nbsp;&#8211; a <em>fizet\u00e9si halaszt\u00e1si, r\u00e9szletfizet\u00e9si, ad\u00f3m\u00e9rs\u00e9kl\u00e9si k\u00e9relem<\/em> hat\u00e1rid\u0151h\u00f6z nem k\u00f6t\u00f6tt,<\/p>\n\n\n\n<p>&#8211; <em>ad\u00f3el\u0151leg m\u00f3dos\u00edt\u00e1si k\u00e9relem<\/em> eset\u00e9n az esed\u00e9kess\u00e9g id\u0151pontj\u00e1ig (m\u00e1rcius 15., illetve szeptember 15.), &#8211; <em>v\u00e9grehajt\u00e1si kifog\u00e1s<\/em>: a s\u00e9relmezett int\u00e9zked\u00e9s vagy annak elmarad\u00e1s\u00e1nak tudom\u00e1s\u00e1ra jut\u00e1s\u00e1t\u00f3l sz\u00e1m\u00edtott 8 nap.<\/p>\n\n\n\n<p>K\u00e9relem beny\u00fajt\u00e1s\u00e1nak m\u00f3djai, \u00fcgyint\u00e9z\u00e9shez haszn\u00e1lhat\u00f3 let\u00f6lthet\u0151 formanyomtatv\u00e1nyok:<\/p>\n\n\n\n<p>Az ad\u00f3hat\u00f3s\u00e1ghoz a k\u00e9relmet \u00edr\u00e1sban kell el\u0151terjeszteni postai \u00faton, vagy az szem\u00e9lyesen. A sz\u00f3ban el\u0151adott k\u00e9relmet jegyz\u0151k\u00f6nyvezni kell.<\/p>\n\n\n\n<p>Az alapelj\u00e1r\u00e1s k\u00e9relme formailag nem k\u00f6t\u00f6tt. Egyes k\u00e9relmekre (ad\u00f3igazol\u00e1si k\u00e9relem, t\u00falfizet\u00e9s \u00e1tvezet\u00e9se, m\u00e1solati k\u00e9relem, stb.) formanyomtatv\u00e1ny is rendelkez\u00e9sre \u00e1ll:<\/p>\n\n\n\n<p>K\u00e9relem k\u00f6telez\u0151 tartalmi elemei<\/p>\n\n\n\n<p><strong>&nbsp;<\/strong>A k\u00e9relmez\u0151 neve, sz\u00e9khelye\/lak\u00f3helye, ad\u00f3sz\u00e1ma, foly\u00f3sz\u00e1mla-azonos\u00edt\u00f3ja, a k\u00e9relem indoka.<\/p>\n\n\n\n<p>A k\u00e9relemhez mell\u00e9kelni lehet olyan iratm\u00e1solatot, mely a k\u00e9relem al\u00e1t\u00e1maszt\u00e1s\u00e1ra szolg\u00e1l \u00e9s nem \u00e1ll az ad\u00f3hat\u00f3s\u00e1g rendelkez\u00e9s\u00e9re.<\/p>\n\n\n\n<p>&nbsp;&nbsp;&#8211; \u00e1ltal\u00e1nos felvil\u00e1gos\u00edt\u00e1s k\u00e9r\u00e9se az ipar\u0171z\u00e9si ad\u00f3val kapcsolatos jogszab\u00e1lyi rendelkez\u00e9sekr\u0151l,<\/p>\n\n\n\n<p>&#8211; ad\u00f3z\u00e1si nyomtatv\u00e1nyok ig\u00e9nyl\u00e9se,<\/p>\n\n\n\n<p>&#8211; nyomtatv\u00e1ny-kit\u00f6lt\u00e9si szab\u00e1lyok tiszt\u00e1z\u00e1sa,<\/p>\n\n\n\n<p>&#8211; ad\u00f3 foly\u00f3sz\u00e1mla egyeztet\u00e9se,<\/p>\n\n\n\n<p>&#8211; nyomtatv\u00e1nyok\/k\u00e9relmek beny\u00fajt\u00e1sa<\/p>\n\n\n\n<p><strong>Az elj\u00e1r\u00e1s d\u00edja\/illet\u00e9ke:<\/strong><\/p>\n\n\n\n<p>1. Illet\u00e9kmentes els\u0151fok\u00fa elj\u00e1r\u00e1s: ad\u00f3igazol\u00e1s kiad\u00e1sa, ad\u00f3el\u0151leg m\u00e9rs\u00e9kl\u00e9se, ad\u00f3t\u00falfizet\u00e9s visszautal\u00e1sa, ad\u00f3t\u00falfizet\u00e9s \u00e1tvezet\u00e9se, ad\u00f3foly\u00f3sz\u00e1mla egyeztet\u00e9se, t\u00e9vesen felsz\u00e1m\u00edtott k\u00e9sedelmi, vagy \u00f6nellen\u0151rz\u00e9si p\u00f3tl\u00e9k t\u00f6rl\u00e9se ir\u00e1nti k\u00e9relmek, az ad\u00f3bevall\u00e1s m\u00e1solata, az elektronikus \u00faton beny\u00fajtott ad\u00f3bevall\u00e1sok m\u00e1solat\u00e1nak kiv\u00e9tel\u00e9vel.&nbsp;<\/p>\n\n\n\n<p>2. Illet\u00e9kk\u00f6teles elj\u00e1r\u00e1sok: a gazd\u00e1lkod\u00f3 szervezet &#8211; ide nem \u00e9rtve az egy\u00e9ni v\u00e1llalkoz\u00f3t &#8211; \u00e1ltal az ad\u00f3hat\u00f3s\u00e1gn\u00e1l kezdem\u00e9nyezett fizet\u00e9si k\u00f6nny\u00edt\u00e9sre, ad\u00f3m\u00e9rs\u00e9kl\u00e9sre ir\u00e1nyul\u00f3 elj\u00e1r\u00e1s illet\u00e9ke 10.000 forint, a m\u00e1solati, kivonati illet\u00e9k \u00f6sszege oldalank\u00e9nt 100.-Ft a jogorvoslati elj\u00e1r\u00e1s illet\u00e9ke (l\u00e1sd: jogorvoslati elj\u00e1r\u00e1sn\u00e1l).<\/p>\n\n\n\n<p>Az illet\u00e9k megfizet\u00e9se: Az elj\u00e1r\u00e1s illet\u00e9k\u00e9t &#8211; a m\u00e1solat illet\u00e9k\u00e9nek kiv\u00e9tel\u00e9vel -, valamint az ad\u00f3hat\u00f3s\u00e1g hat\u00e1rozata ellen beny\u00fajtott fellebbez\u00e9s illet\u00e9k\u00e9t a Cs\u00e1voly K\u00f6zs\u00e9gi \u00d6nkorm\u00e1nyzat 11600006-00000000-85301782 sz\u00e1m\u00fa \u00e1llamigazgat\u00e1si elj\u00e1r\u00e1si illet\u00e9k beszed\u00e9si sz\u00e1ml\u00e1ra kell megfizetni az elj\u00e1r\u00e1s kezdem\u00e9nyez\u00e9s\u00e9t megel\u0151z\u0151en. Az illet\u00e9k \u00f6sszeg\u00e9t banki \u00e1tutal\u00e1ssal, vagy kiz\u00e1r\u00f3lag az \u00dcgyf\u00e9lszolg\u00e1lati Irod\u00e1nkban beszerezhet\u0151 k\u00e9szp\u00e9nz &#8211; \u00e1tutal\u00e1si megb\u00edz\u00e1s \u00fatj\u00e1n kell megfizetni.<\/p>\n\n\n\n<p>A m\u00e1solati illet\u00e9k kiv\u00e9tel\u00e9vel illet\u00e9kb\u00e9lyeg nem haszn\u00e1lhat\u00f3 fel.<\/p>\n\n\n\n<p><strong>\u00dcgyint\u00e9z\u00e9si hat\u00e1rid\u0151:<\/strong><\/p>\n\n\n\n<p>Az \u00e1ltal\u00e1nos hat\u00e1rid\u0151 30 nap, melybe a hi\u00e1nyp\u00f3tl\u00e1s kik\u00fcld\u00e9s\u00e9t\u0151l, a teljes\u00edt\u00e9s\u00e9ig eltelt id\u0151 nem sz\u00e1m\u00edt bele.<\/p>\n\n\n\n<p><strong>Kapcsol\u00f3d\u00f3 jogszab\u00e1lyok:<\/strong><\/p>\n\n\n\n<p>1990. \u00e9vi C. t\u00f6rv\u00e9ny a helyi ad\u00f3kr\u00f3l,<\/p>\n\n\n\n<p>1991. \u00e9vi XLIX. t\u00f6rv\u00e9ny a cs\u0151delj\u00e1r\u00e1sr\u00f3l \u00e9s a felsz\u00e1mol\u00e1si elj\u00e1r\u00e1sr\u00f3l,<\/p>\n\n\n\n<p>1995. \u00e9vi CXVII. t\u00f6rv\u00e9ny a szem\u00e9lyi j\u00f6vedelemad\u00f3r\u00f3l,<\/p>\n\n\n\n<p>2000. \u00e9vi C. t\u00f6rv\u00e9ny a sz\u00e1mvitelr\u0151l,<\/p>\n\n\n\n<p>2017. \u00e9vi CL. t\u00f6rv\u00e9ny az ad\u00f3z\u00e1s rendj\u00e9r\u0151l,<\/p>\n\n\n\n<p class=\"has-black-color has-text-color has-link-color wp-elements-171118d069cfc8bcf8ad0f1b2aa4ee70\"><a>2016. \u00e9vi CL. t\u00f6rv\u00e9ny az \u00e1ltal\u00e1nos k\u00f6zigazgat\u00e1si rendtart\u00e1sr\u00f3l<\/a><\/p>\n\n\n\n<p>2006. \u00e9vi V. t\u00f6rv\u00e9ny a c\u00e9gnyilv\u00e1noss\u00e1gr\u00f3l, a b\u00edr\u00f3s\u00e1gi c\u00e9gelj\u00e1r\u00e1sr\u00f3l \u00e9s a v\u00e9gelsz\u00e1mol\u00e1sr\u00f3l,<\/p>\n\n\n\n<p>2013. \u00e9vi V. t\u00f6rv\u00e9ny a Polg\u00e1ri T\u00f6rv\u00e9nyk\u00f6nyvr\u0151l<\/p>\n\n\n\n<p>1990. \u00e9vi XCIII. t\u00f6rv\u00e9ny az illet\u00e9kekr\u0151l<\/p>\n\n\n\n<p>2003. \u00e9vi LXXXIX. t\u00f6rv\u00e9ny a k\u00f6rnyezetterhel\u00e9si d\u00edjr\u00f3l<\/p>\n\n\n\n<p>Cs\u00e1voly K\u00f6zs\u00e9gi \u00d6nkorm\u00e1nyzat K\u00e9pvisel\u0151-test\u00fclet\u00e9nek 5\/2018 (II.26.) \u00f6nkorm\u00e1nyzati rendelete a helyi ad\u00f3kr\u00f3l<\/p>\n\n\n\n<p><a href=\"https:\/\/or.njt.hu\/eli\/724353\/r\/2018\/5\">https:\/\/or.njt.hu\/eli\/724353\/r\/2018\/5<\/a><\/p>\n\n\n\n<p><strong>SZOCI\u00c1LIS \u00dcGYEK<\/strong><\/p>\n\n\n\n<p><strong>Ell\u00e1t\u00e1si form\u00e1k:<\/strong><\/p>\n\n\n\n<p>a) rendszeres telep\u00fcl\u00e9si t\u00e1mogat\u00e1sok,<\/p>\n\n\n\n<p>b) rendk\u00edv\u00fcli telep\u00fcl\u00e9si t\u00e1mogat\u00e1sok.<\/p>\n\n\n\n<p>(2) A rendszeres telep\u00fcl\u00e9si t\u00e1mogat\u00e1s a lakhat\u00e1shoz kapcsol\u00f3d\u00f3 kiad\u00e1sok visel\u00e9s\u00e9hez ny\u00fajtott rendszeres telep\u00fcl\u00e9si t\u00e1mogat\u00e1s, mely p\u00e9nzben ny\u00fajthat\u00f3.<\/p>\n\n\n\n<p>(3) A rendk\u00edv\u00fcli telep\u00fcl\u00e9si t\u00e1mogat\u00e1s:<\/p>\n\n\n\n<p>a) a rendk\u00edv\u00fcli telep\u00fcl\u00e9si t\u00e1mogat\u00e1s, mely p\u00e9nzben vagy term\u00e9szetben, avagy mindkett\u0151ben ny\u00fajthat\u00f3.<\/p>\n\n\n\n<p>b) a rendk\u00edv\u00fcli szoci\u00e1lis kr\u00edzishelyzetre tekintettel ny\u00fajtott telep\u00fcl\u00e9si t\u00e1mogat\u00e1s, mely p\u00e9nzben vagy term\u00e9szetben avagy mindkett\u0151ben ny\u00fajthat\u00f3.<\/p>\n\n\n\n<p><strong>Rendszeres telep\u00fcl\u00e9si t\u00e1mogat\u00e1s meg\u00e1llap\u00edt\u00e1sa:<\/strong><\/p>\n\n\n\n<p>A lakhat\u00e1shoz kapcsol\u00f3d\u00f3 kiad\u00e1sok visel\u00e9s\u00e9hez rendszeres telep\u00fcl\u00e9si t\u00e1mogat\u00e1st kell meg\u00e1llap\u00edtani annak a szem\u00e9lynek, akinek h\u00e1ztart\u00e1s\u00e1ban az egy f\u0151re jut\u00f3 havi j\u00f6vedelem nem haladja meg a szoci\u00e1lis vet\u00edt\u00e9si alap \u00f6sszeg\u00e9nek 160 %-\u00e1t, gyermek\u00e9t egyed\u00fcl nevel\u0151 eset\u00e9n a szoci\u00e1lis vet\u00edt\u00e9si alap \u00f6sszeg\u00e9nek 200%-\u00e1t, \u00e9s akinek vagyona sem neki, sem a vele k\u00f6z\u00f6s h\u00e1ztart\u00e1sban \u00e9l\u0151knek nincs.<\/p>\n\n\n\n<p>&nbsp;A t\u00e1mogat\u00e1s a villany\u00e1ram-, a v\u00edz- \u00e9s a g\u00e1zfogyaszt\u00e1s, szem\u00e9tsz\u00e1ll\u00edt\u00e1s d\u00edj\u00e1hoz ny\u00fajthat\u00f3.<\/p>\n\n\n\n<p>A t\u00e1mogat\u00e1s ugyanazon lak\u00e1sra csak egy jogosultnak \u00e1llap\u00edthat\u00f3 meg, f\u00fcggetlen\u00fcl a lak\u00e1sban \u00e9l\u0151 szem\u00e9lyek sz\u00e1m\u00e1t\u00f3l.<\/p>\n\n\n\n<p>&nbsp;A k\u00e9relmet a rendelet <a href=\"https:\/\/or.njt.hu\/eli\/724353\/r\/2023\/13#ME3\">3. mell\u00e9klet<\/a>&nbsp;szerinti formanyomtatv\u00e1nyon kell beny\u00fajtani.<\/p>\n\n\n\n<p>A t\u00e1mogat\u00e1s meg\u00e1llap\u00edt\u00e1s\u00e1hoz be kell csatolni &nbsp;azon k\u00f6z\u00fczemi szolg\u00e1ltat\u00f3 \u00e1ltal ki\u00e1ll\u00edtott, 30 napn\u00e1l nem r\u00e9gebbi sz\u00e1ml\u00e1t, ahova a k\u00e9relmez\u0151 a t\u00e1mogat\u00e1s foly\u00f3s\u00edt\u00e1s\u00e1t k\u00e9ri, \u00e9s az \u00e9rintett lak\u00e1s haszn\u00e1lati jogc\u00edm\u00e9t igazol\u00f3 irat m\u00e1solat\u00e1t.<\/p>\n\n\n\n<p>A t\u00e1mogat\u00e1st a k\u00e9relem beny\u00fajt\u00e1sa h\u00f3napj\u00e1nak els\u0151 napj\u00e1t\u00f3l &#8211; legfeljebb &#8211; egy \u00e9vre lehet meg\u00e1llap\u00edtani. A t\u00e1mogat\u00e1st a K\u00d6H a k\u00e9relemben megjel\u00f6lt szolg\u00e1ltat\u00f3nak havi \u00e1tutal\u00e1ssal teljes\u00edt.<\/p>\n\n\n\n<p>A t\u00e1mogat\u00e1s \u00f6sszege a&nbsp;<a href=\"https:\/\/or.njt.hu\/eli\/724353\/r\/2023\/13#SZ8@BE1@POA\">8. \u00a7 (1) bekezd\u00e9s a) pont<\/a>&nbsp;szerinti k\u00e9relmez\u0151 eset\u00e9n havi 3000 Ft, a&nbsp;<a href=\"https:\/\/or.njt.hu\/eli\/724353\/r\/2023\/13#SZ8@BE1@POB\">8. \u00a7 (1) bekezd\u00e9s b) pont<\/a>&nbsp;szerinti k\u00e9relmez\u0151 eset\u00e9n havi 3500 Ft.<\/p>\n\n\n\n<p><strong>\u00dcgyint\u00e9z\u00e9s hat\u00e1rideje:<\/strong><\/p>\n\n\n\n<p>Az \u00fcgyint\u00e9z\u00e9si hat\u00e1rid\u0151 huszonegy nap.<\/p>\n\n\n\n<p><strong>Jogorvoslat:<\/strong><\/p>\n\n\n\n<p>A fellebbez\u00e9st \u2013 ha t\u00f6rv\u00e9ny vagy korm\u00e1nyrendelet elt\u00e9r\u0151en nem rendelkezik \u2013 a d\u00f6nt\u00e9s k\u00f6zl\u00e9s\u00e9t\u0151l sz\u00e1m\u00edtott 15 napon bel\u00fcl lehet el\u0151terjeszteni, amely fellebbez\u00e9st a K\u00e9pvisel\u0151-test\u00fclethez kell beny\u00fajtani. A fellebbez\u00e9s illet\u00e9kmentes.<\/p>\n\n\n\n<p><strong>Az \u00fcgyt\u00edpushoz kapcsol\u00f3d\u00f3 jogszab\u00e1lyok:<\/strong><\/p>\n\n\n\n<p><em>A szoci\u00e1lis igazgat\u00e1sr\u00f3l \u00e9s szoci\u00e1lis ell\u00e1t\u00e1sokr\u00f3l sz\u00f3l\u00f3 1993. \u00e9vi III. t\u00f6rv\u00e9ny<\/em> (tov\u00e1bbiakban: Szt.) 45. \u00a7<\/p>\n\n\n\n<p><a href=\"https:\/\/njt.hu\/jogszabaly\/1993-3-00-00\">https:\/\/njt.hu\/jogszabaly\/1993-3-00-00<\/a><\/p>\n\n\n\n<p><em>Cs\u00e1voly K\u00f6zs\u00e9gi \u00d6nkorm\u00e1nyzat K\u00e9pvisel\u0151-test\u00fclet\u00e9nek 13\/2023. (XII. 15.) \u00f6nkorm\u00e1nyzati rendelete<\/em><\/p>\n\n\n\n<p><em>a szoci\u00e1lis r\u00e1szorults\u00e1gt\u00f3l f\u00fcgg\u0151 p\u00e9nzbeli \u00e9s term\u00e9szetbeni ell\u00e1t\u00e1sokr\u00f3l<\/em><\/p>\n\n\n\n<p><a href=\"https:\/\/or.njt.hu\/eli\/724353\/r\/2023\/13\/2024-01-01\">https:\/\/or.njt.hu\/eli\/724353\/r\/2023\/13\/2024-01-01<\/a><\/p>\n\n\n\n<p><a><em>Az \u00e1ltal\u00e1nos k\u00f6zigazgat\u00e1si rendtart\u00e1sr\u00f3l sz\u00f3l\u00f3 2016. \u00e9vi CL. t\u00f6rv\u00e9ny<\/em><\/a><em><\/em><\/p>\n\n\n\n<p><em>Az illet\u00e9kekr\u0151l sz\u00f3l\u00f3 1990. \u00e9vi XCIII. t\u00f6rv\u00e9ny<\/em><\/p>\n\n\n\n<p><strong>Rendk\u00edv\u00fcli telep\u00fcl\u00e9si t\u00e1mogat\u00e1s meg\u00e1llap\u00edt\u00e1sa:<\/strong><\/p>\n\n\n\n<p>Rendk\u00edv\u00fcli telep\u00fcl\u00e9si t\u00e1mogat\u00e1s ny\u00fajthat\u00f3 annak a l\u00e9tfenntart\u00e1st vesz\u00e9lyeztet\u0151 rendk\u00edv\u00fcli \u00e9lethelyzetbe ker\u00fclt szem\u00e9lynek, aki az al\u00e1bbi egy\u00fcttes felt\u00e9teleknek megfelel:<\/p>\n\n\n\n<p>a) \u00f6nmaga, illetve a vele k\u00f6z\u00f6s h\u00e1ztart\u00e1sban \u00e9l\u0151k l\u00e9tfenntart\u00e1s\u00e1r\u00f3l m\u00e1s m\u00f3don nem tud gondoskodni \u00e9s,<\/p>\n\n\n\n<p>b) akinek h\u00e1ztart\u00e1s\u00e1ban az egy f\u0151re jut\u00f3 havi j\u00f6vedelem nem haladja meg a szoci\u00e1lis vet\u00edt\u00e9si alap \u00f6sszeg\u00e9nek 600%-\u00e1t,<\/p>\n\n\n\n<p>c) gyermek\u00e9t egyed\u00fcl nevel\u0151 eset\u00e9ben a szoci\u00e1lis vet\u00edt\u00e9si alap \u00f6sszeg\u00e9nek 700 %-\u00e1t<\/p>\n\n\n\n<p>\u00e9s akinek vagyona sem neki, sem a vele k\u00f6z\u00f6s h\u00e1ztart\u00e1sban \u00e9l\u0151knek nincs.<\/p>\n\n\n\n<p>(2) Az <a href=\"https:\/\/njt.hu\/jogszabaly\/1993-3-00-00\" target=\"_blank\" rel=\"noreferrer noopener\">Szt.<\/a> szerint akt\u00edv kor\u00fa, \u00e1ll\u00e1stalan, igazolhat\u00f3 havi rendszeres j\u00f6vedelemmel nem rendelkez\u0151 k\u00e9relmez\u0151, rendk\u00edv\u00fcli telep\u00fcl\u00e9si t\u00e1mogat\u00e1s meg\u00e1llap\u00edt\u00e1sa ir\u00e1nti k\u00e9relem eset\u00e9ben, a k\u00e9relmet elb\u00edr\u00e1l\u00f3 hat\u00f3s\u00e1g felh\u00edv\u00e1s\u00e1ra k\u00f6teles az \u00e1llami foglalkoztat\u00e1si szervn\u00e9l \u00e1ll\u00e1skeres\u0151k\u00e9nt nyilv\u00e1ntart\u00e1sba vetetni mag\u00e1t \u00e9s az \u00e1llami foglalkoztat\u00e1si szervvel folyamatosan egy\u00fcttm\u0171k\u00f6dni.<\/p>\n\n\n\n<p>(3) L\u00e9tfenntart\u00e1st vesz\u00e9lyeztet\u0151 rendk\u00edv\u00fcli \u00e9lethelyzet k\u00fcl\u00f6n\u00f6sen:<\/p>\n\n\n\n<p>a) a meg\u00e9lhet\u00e9st \u00e9rint\u0151 el\u0151re nem tervezhet\u0151 t\u00f6bbletkiad\u00e1s<\/p>\n\n\n\n<p>b) k\u00e9relmez\u0151t \u00e9rt elemi k\u00e1r, egy\u00e9b csal\u00e1di trag\u00e9dia bek\u00f6vetkez\u00e9se<\/p>\n\n\n\n<p>c) a lakhat\u00e1s elveszt\u00e9s\u00e9nek vesz\u00e9lye<\/p>\n\n\n\n<p>d) a v\u00e1ratlan betegs\u00e9g, baleset, orvosi kezel\u00e9s miatti jelent\u0151s j\u00f6vedelemkies\u00e9s<\/p>\n\n\n\n<p>e) a temet\u00e9si k\u00f6lts\u00e9g visel\u00e9se<\/p>\n\n\n\n<p>f) gy\u00f3gyszer-, gy\u00f3gy\u00e1szati kell\u00e9k k\u00f6lts\u00e9g visel\u00e9se<\/p>\n\n\n\n<p>g) a k\u00f6z\u00fczemi szolg\u00e1ltat\u00e1s kikapcsol\u00e1s\u00e1nak vesz\u00e9lye<\/p>\n\n\n\n<p>h) a szoci\u00e1lis v\u00e1ls\u00e1ghelyzetben l\u00e9v\u0151 v\u00e1rand\u00f3s anya gyermek\u00e9nek megtart\u00e1sa<\/p>\n\n\n\n<p>i) a gyermek beiskol\u00e1ztat\u00e1sa, \u00e9lelmez\u00e9se, ruh\u00e1zkod\u00e1sa<\/p>\n\n\n\n<p>j) a gyermekint\u00e9zm\u00e9nyek t\u00e9r\u00edt\u00e9si d\u00edj\u00e1nak kifizet\u00e9se<\/p>\n\n\n\n<p>k) a sz\u00fcletend\u0151 gyermek fogad\u00e1s\u00e1nak el\u0151k\u00e9sz\u00edt\u00e9se<\/p>\n\n\n\n<p>l) a nevel\u00e9sbe vett gyermek csal\u00e1dj\u00e1val val\u00f3 kapcsolattart\u00e1s\u00e1nak biztos\u00edt\u00e1sa<\/p>\n\n\n\n<p>m) a gyermek csal\u00e1dba val\u00f3 visszaker\u00fcl\u00e9s\u00e9nek el\u0151seg\u00edt\u00e9se<\/p>\n\n\n\n<p>n) nyugd\u00edj vagy a megv\u00e1ltozott munkak\u00e9pess\u00e9g\u0171 szem\u00e9lyek ell\u00e1t\u00e1sair\u00f3l sz\u00f3l\u00f3 t\u00f6rv\u00e9ny szerint foly\u00f3s\u00edtott ell\u00e1t\u00e1s kifizet\u00e9se a jogosults\u00e1g meg\u00e1llap\u00edt\u00e1s\u00e1nak elh\u00faz\u00f3d\u00e1sa miatt k\u00e9sik.<\/p>\n\n\n\n<p>(4) A k\u00e9relmez\u0151nek a k\u00e9relm\u00e9ben indokolnia kell a telep\u00fcl\u00e9si l\u00e9tfenntart\u00e1si t\u00e1mogat\u00e1sra val\u00f3 r\u00e1szorults\u00e1g\u00e1t.<\/p>\n\n\n\n<p>(5) A rendk\u00edv\u00fcli telep\u00fcl\u00e9si t\u00e1mogat\u00e1s eseti jelleggel, valamint havi rendszeress\u00e9ggel oly m\u00f3don, hogy a t\u00e1mogat\u00e1s \u00f6sszege esetenk\u00e9nt nem haladhatja meg a 60 000 Ft.<\/p>\n\n\n\n<p>(6) A havi rendszeress\u00e9ggel meg\u00e1llap\u00edtott t\u00e1mogat\u00e1s id\u0151tartama legfeljebb egy \u00e9v.<\/p>\n\n\n\n<p>(7) A rendk\u00edv\u00fcli telep\u00fcl\u00e9si t\u00e1mogat\u00e1st a <a href=\"https:\/\/or.njt.hu\/eli\/724353\/r\/2023\/13#ME4\">4. mell\u00e9klet<\/a> szerinti formanyomtatv\u00e1nyon kell beny\u00fajtani.<\/p>\n\n\n\n<p>(8) A rendk\u00edv\u00fcli telep\u00fcl\u00e9si t\u00e1mogat\u00e1s k\u00e9szp\u00e9nzben, banki \u00e1tutal\u00e1ssal avagy term\u00e9szetben, illetve egyszerre p\u00e9nzbeli \u00e9s term\u00e9szetbeni ell\u00e1t\u00e1s form\u00e1j\u00e1ban is biztos\u00edthat\u00f3.<\/p>\n\n\n\n<p>(9) A meg\u00e1llap\u00edtott rendk\u00edv\u00fcli telep\u00fcl\u00e9si t\u00e1mogat\u00e1s a c\u00e9lzott felhaszn\u00e1l\u00e1s biztos\u00edt\u00e1sa \u00e9rdek\u00e9ben csal\u00e1dgondoz\u00f3 r\u00e9sz\u00e9re is kiutalhat\u00f3.<\/p>\n\n\n\n<p><strong>\u00dcgyint\u00e9z\u00e9shez sz\u00fcks\u00e9ges dokumentumok, okm\u00e1nyok, let\u00f6lthet\u0151 formanyomtatv\u00e1nyok:<\/strong><\/p>\n\n\n\n<p>A rendk\u00edv\u00fcli telep\u00fcl\u00e9si t\u00e1mogat\u00e1st a Rendelet 4. mell\u00e9klete szerinti formanyomtatv\u00e1nyon kell beny\u00fajtani.<\/p>\n\n\n\n<p><strong>\u00dcgyint\u00e9z\u00e9s hat\u00e1rideje:<\/strong><\/p>\n\n\n\n<p>Somm\u00e1s elj\u00e1r\u00e1sban a hat\u00f3s\u00e1g a d\u00f6nt\u00e9st legfeljebb nyolc napon bel\u00fcl meghozza, egy\u00e9b esetben az \u00fcgyint\u00e9z\u00e9si hat\u00e1rid\u0151 huszonegy nap.<\/p>\n\n\n\n<p><strong>Jogorvoslat:<\/strong><\/p>\n\n\n\n<p>A fellebbez\u00e9st \u2013 ha t\u00f6rv\u00e9ny vagy korm\u00e1nyrendelet elt\u00e9r\u0151en nem rendelkezik \u2013 a d\u00f6nt\u00e9s k\u00f6zl\u00e9s\u00e9t\u0151l sz\u00e1m\u00edtott 15 napon bel\u00fcl lehet el\u0151terjeszteni, amely fellebbez\u00e9st a K\u00e9pvisel\u0151-test\u00fclethez kell beny\u00fajtani. A fellebbez\u00e9s illet\u00e9kmentes.<\/p>\n\n\n\n<p><strong>Az \u00fcgyt\u00edpushoz kapcsol\u00f3d\u00f3 jogszab\u00e1lyok:<\/strong><\/p>\n\n\n\n<p><em>A szoci\u00e1lis igazgat\u00e1sr\u00f3l \u00e9s szoci\u00e1lis ell\u00e1t\u00e1sokr\u00f3l sz\u00f3l\u00f3 1993. \u00e9vi III. t\u00f6rv\u00e9ny<\/em> (tov\u00e1bbiakban: Szt.) 45. \u00a7.<\/p>\n\n\n\n<p><em>Cs\u00e1voly K\u00f6zs\u00e9gi \u00d6nkorm\u00e1nyzat K\u00e9pvisel\u0151-test\u00fclet\u00e9nek 13\/2023. (XII. 15.) \u00f6nkorm\u00e1nyzati rendelete a szoci\u00e1lis r\u00e1szorults\u00e1gt\u00f3l f\u00fcgg\u0151 p\u00e9nzbeli \u00e9s term\u00e9szetbeni ell\u00e1t\u00e1sokr\u00f3l<\/em><\/p>\n\n\n\n<p><a href=\"https:\/\/or.njt.hu\/eli\/724353\/r\/2023\/13\/2024-01-01\">https:\/\/or.njt.hu\/eli\/724353\/r\/2023\/13\/2024-01-01<\/a><\/p>\n\n\n\n<p><em>Az illet\u00e9kekr\u0151l sz\u00f3l\u00f3 1990. \u00e9vi XCIII. t\u00f6rv\u00e9ny<\/em><\/p>\n\n\n\n<p><strong><u>\u00dcgyfajta: Rendszeres gyermekv\u00e9delmi kedvezm\u00e9ny<\/u><\/strong><\/p>\n\n\n\n<p>A rendszeres gyermekv\u00e9delmi kedvezm\u00e9nyre val\u00f3 jogosults\u00e1g meg\u00e1llap\u00edt\u00e1s\u00e1nak c\u00e9lja annak igazol\u00e1sa, hogy a gyermek szoci\u00e1lis helyzete alapj\u00e1n jogosult a Gyvt. 21\/B. \u00a7-ban meghat\u00e1rozott ingyenes vagy kedvezm\u00e9nyes int\u00e9zm\u00e9nyi gyermek\u00e9tkeztet\u00e9snek \u00e9s &#8211; ha megfelel a 21\/C. \u00a7-ban foglalt felt\u00e9teleknek &#8211; a sz\u00fcnidei gyermek\u00e9tkeztet\u00e9snek, a 20\/A. \u00a7-ban meghat\u00e1rozott term\u00e9szetbeni t\u00e1mogat\u00e1snak, valamint a Gyvt-ben \u00e9s m\u00e1s jogszab\u00e1lyban meghat\u00e1rozott egy\u00e9b kedvezm\u00e9nyeknek az ig\u00e9nybev\u00e9tel\u00e9re.<\/p>\n\n\n\n<p><strong>Hat\u00e1sk\u00f6rrel rendelkez\u0151 szerv:<\/strong><\/p>\n\n\n\n<p>A telep\u00fcl\u00e9si \u00f6nkorm\u00e1nyzat jegyz\u0151je.<\/p>\n\n\n\n<p><strong>Elj\u00e1r\u00e1si illet\u00e9kek (igazgat\u00e1si szolg\u00e1ltat\u00e1si d\u00edjak):<\/strong>&nbsp;<\/p>\n\n\n\n<p><strong>Rendszeres gyermekv\u00e9delmi kedvezm\u00e9nyre val\u00f3 jogosults\u00e1g meg\u00e1llap\u00edt\u00e1sa:<\/strong><\/p>\n\n\n\n<p>A Gyvt. 19. \u00a7 (2) bekezd\u00e9se szerint a gy\u00e1mhat\u00f3s\u00e1g meg\u00e1llap\u00edtja a gyermek rendszeres gyermekv\u00e9delmi kedvezm\u00e9nyre val\u00f3 jogosults\u00e1g\u00e1t, amennyiben a gyermeket gondoz\u00f3 csal\u00e1dban az egy f\u0151re jut\u00f3 havi j\u00f6vedelem \u00f6sszege nem haladja meg<\/p>\n\n\n\n<p><em>a) <\/em>a szoci\u00e1lis vet\u00edt\u00e9si alap \u00f6sszeg\u00e9nek a 245 %-\u00e1t,<\/p>\n\n\n\n<p><em>aa) <\/em>ha a gyermeket egyed\u00fcl\u00e1ll\u00f3 sz\u00fcl\u0151, illetve m\u00e1s t\u00f6rv\u00e9nyes k\u00e9pvisel\u0151 gondozza, vagy<\/p>\n\n\n\n<p><em>ab) <\/em>ha a gyermek tart\u00f3san beteg, illetve s\u00falyosan fogyat\u00e9kos, vagy<\/p>\n\n\n\n<p><em>ac) <\/em>ha a nagykor\u00fav\u00e1 v\u00e1lt gyermek megfelel a Gyvt. 20. \u00a7 (2) bekezd\u00e9s\u00e9ben foglalt felt\u00e9teleknek;<\/p>\n\n\n\n<p><em>b) <\/em>a szoci\u00e1lis vet\u00edt\u00e9si alap 245%-\u00e1t az <em>a) <\/em>pont al\u00e1 nem tartoz\u00f3 esetben,<\/p>\n\n\n\n<p>felt\u00e9ve, hogy a vagyoni helyzet vizsg\u00e1lata sor\u00e1n az egy f\u0151re jut\u00f3 vagyon \u00e9rt\u00e9ke nem haladja meg k\u00fcl\u00f6n-k\u00fcl\u00f6n vagy egy\u00fcttesen a (7) bekezd\u00e9sben meghat\u00e1rozott \u00e9rt\u00e9ket.<\/p>\n\n\n\n<p>(3) Az egy f\u0151re jut\u00f3 j\u00f6vedelem meg\u00e1llap\u00edt\u00e1s\u00e1n\u00e1l a Gyvt. 131. \u00a7 (2) bekezd\u00e9s\u00e9t kell alkalmazni. Ett\u0151l elt\u00e9rni akkor lehet, ha a j\u00f6vedelmi viszonyokban igazolhat\u00f3 ok miatt tart\u00f3s roml\u00e1s v\u00e9lelmezhet\u0151.<\/p>\n\n\n\n<p>(4) A (2) bekezd\u00e9sben meghat\u00e1rozott \u00f6sszeg sz\u00e1m\u00edt\u00e1s\u00e1n\u00e1l &#8211; a k\u00e9relem beny\u00fajt\u00e1s\u00e1nak id\u0151pontj\u00e1ban &#8211; k\u00f6z\u00f6s h\u00e1ztart\u00e1sban \u00e9l\u0151 k\u00f6zeli hozz\u00e1tartoz\u00f3k\u00e9nt (gondoz\u00f3 csal\u00e1dk\u00e9nt) kell figyelembe venni az egy lak\u00e1sban egy\u00fctt lak\u00f3, ott bejelentett lak\u00f3hellyel vagy tart\u00f3zkod\u00e1si hellyel rendelkez\u0151<\/p>\n\n\n\n<p><em>a) <\/em>sz\u00fcl\u0151t, a sz\u00fcl\u0151 h\u00e1zast\u00e1rs\u00e1t vagy \u00e9lett\u00e1rs\u00e1t,<\/p>\n\n\n\n<p><em>b) <\/em>20 \u00e9vesn\u00e9l fiatalabb, \u00f6n\u00e1ll\u00f3 keresettel nem rendelkez\u0151 gyermeket,<\/p>\n\n\n\n<p><em>c) <\/em>23 \u00e9vesn\u00e9l fiatalabb, \u00f6n\u00e1ll\u00f3 keresettel nem rendelkez\u0151, a nappali oktat\u00e1s munkarendje szerint tanulm\u00e1nyokat folytat\u00f3 gyermeket,<\/p>\n\n\n\n<p><em>d) <\/em>25 \u00e9vesn\u00e9l fiatalabb, \u00f6n\u00e1ll\u00f3 keresettel nem rendelkez\u0151, fels\u0151oktat\u00e1si int\u00e9zm\u00e9ny nappali tagozat\u00e1n tanulm\u00e1nyokat folytat\u00f3 gyermeket,<\/p>\n\n\n\n<p><em>e) <\/em>korhat\u00e1rra val\u00f3 tekintet n\u00e9lk\u00fcl a tart\u00f3san beteg \u00e9s a fogyat\u00e9kos gyermeket,<\/p>\n\n\n\n<p><em>f) <\/em>az <em>a)-e) <\/em>pontokba nem tartoz\u00f3, a Ptk. csal\u00e1djogra ir\u00e1nyad\u00f3 szab\u00e1lyai alapj\u00e1n a sz\u00fcl\u0151 vagy h\u00e1zast\u00e1rsa \u00e1ltal eltartott rokont.<\/p>\n\n\n\n<p>(5) A (4) bekezd\u00e9s alkalmaz\u00e1s\u00e1ban sz\u00fcl\u0151 alatt a csal\u00e1dbafogad\u00f3 gy\u00e1mot kell \u00e9rteni, ha a csal\u00e1dbafogad\u00f3 gy\u00e1m a gy\u00e1ms\u00e1ga al\u00e1 helyezett gyermek tart\u00e1s\u00e1ra k\u00f6teles.<\/p>\n\n\n\n<p>(6) A vagyoni helyzet vizsg\u00e1lata kiterjed a (4) bekezd\u00e9sben meghat\u00e1rozott k\u00f6z\u00f6s h\u00e1ztart\u00e1sban \u00e9l\u0151 k\u00f6zeli hozz\u00e1tartoz\u00f3k vagyon\u00e1ra.<\/p>\n\n\n\n<p>(7) Vagyon alatt azt a hasznos\u00edthat\u00f3 ingatlant, j\u00e1rm\u0171vet, tov\u00e1bb\u00e1 vagyoni \u00e9rt\u00e9k\u0171 jogot kell \u00e9rteni, amelynek egy f\u0151re jut\u00f3 \u00e9rt\u00e9ke a gyermeket gondoz\u00f3 csal\u00e1dban<\/p>\n\n\n\n<p><em>a) <\/em>k\u00fcl\u00f6n-k\u00fcl\u00f6n sz\u00e1m\u00edtva az \u00f6regs\u00e9gi nyugd\u00edj legkisebb \u00f6sszeg\u00e9nek h\u00faszszoros\u00e1t, vagy<\/p>\n\n\n\n<p><em>b) <\/em>egy\u00fctt sz\u00e1m\u00edtva az \u00f6regs\u00e9gi nyugd\u00edj legkisebb \u00f6sszeg\u00e9nek hetvenszeres\u00e9t<\/p>\n\n\n\n<p>meghaladja, azzal, hogy nem min\u0151s\u00fcl vagyonnak az az ingatlan, amelyben a sz\u00fcl\u0151 vagy a tart\u00e1sra k\u00f6teles m\u00e1s t\u00f6rv\u00e9nyes k\u00e9pvisel\u0151 \u00e9letvitelszer\u0171en lakik, az a vagyoni \u00e9rt\u00e9k\u0171 jog, amely az \u00e1ltaluk lakott ingatlanon \u00e1ll fenn, tov\u00e1bb\u00e1 a mozg\u00e1skorl\u00e1tozotts\u00e1gra vagy tart\u00f3s betegs\u00e9gre tekintettel fenntartott g\u00e9pj\u00e1rm\u0171.<\/p>\n\n\n\n<p>(8) A gy\u00e1mhat\u00f3s\u00e1g a rendszeres gyermekv\u00e9delmi kedvezm\u00e9nyre val\u00f3 jogosults\u00e1g meg\u00e1llap\u00edt\u00e1s\u00e1ra ir\u00e1nyul\u00f3 k\u00e9relmet elutas\u00edtja, ha a (4) bekezd\u00e9sben megjel\u00f6lt szem\u00e9lyek egy\u00fcttesen vagy k\u00fcl\u00f6n-k\u00fcl\u00f6n a (7) bekezd\u00e9sben meghat\u00e1rozott \u00e9rt\u00e9k\u0171 vagyonnal rendelkeznek.<\/p>\n\n\n\n<p>A Gyvt. 20. \u00a7 (1) bekezd\u00e9se kimondja, hogy a felt\u00e9telek fenn\u00e1ll\u00e1sa eset\u00e9n a gy\u00e1mhat\u00f3s\u00e1g egy \u00e9v id\u0151tartamra, de legfeljebb<\/p>\n\n\n\n<p><em>a) <\/em>a (2) bekezd\u00e9s <em>a) <\/em>pontja szerinti esetben a nagykor\u00fav\u00e1 v\u00e1lt gyermek 23. \u00e9let\u00e9v\u00e9nek bet\u00f6lt\u00e9s\u00e9ig,<\/p>\n\n\n\n<p><em>b) <\/em>a (2) bekezd\u00e9s <em>b) <\/em>pontja szerinti esetben a nagykor\u00fav\u00e1 v\u00e1lt gyermek 25. \u00e9let\u00e9v\u00e9nek bet\u00f6lt\u00e9s\u00e9ig<\/p>\n\n\n\n<p>meg\u00e1llap\u00edtja a gyermek, nagykor\u00fav\u00e1 v\u00e1lt gyermek rendszeres gyermekv\u00e9delmi kedvezm\u00e9nyre val\u00f3 jogosults\u00e1g\u00e1t.<\/p>\n\n\n\n<p>(2) Az egy\u00e9b jogosults\u00e1gi felt\u00e9telek fenn\u00e1ll\u00e1sa eset\u00e9n nagykor\u00fav\u00e1 v\u00e1l\u00e1sa ut\u00e1n is jogosult a gyermek a rendszeres gyermekv\u00e9delmi kedvezm\u00e9nyre, ha<\/p>\n\n\n\n<p><em>a) <\/em>nappali oktat\u00e1s munkarendje szerint tanulm\u00e1nyokat folytat \u00e9s 23. \u00e9let\u00e9v\u00e9t m\u00e9g nem t\u00f6lt\u00f6tte be, vagy<\/p>\n\n\n\n<p><em>b) <\/em>fels\u0151fok\u00fa oktat\u00e1si int\u00e9zm\u00e9ny nappali tagozat\u00e1n tanul \u00e9s a 25. \u00e9let\u00e9v\u00e9t m\u00e9g nem t\u00f6lt\u00f6tte be,<\/p>\n\n\n\n<p>\u00e9s a nagykor\u00fav\u00e1 v\u00e1l\u00e1s\u00e1t megel\u0151z\u0151 m\u00e1sodik h\u00f3nap els\u0151 napja, valamint a nagykor\u00fav\u00e1 v\u00e1l\u00e1s\u00e1t megel\u0151z\u0151 nap k\u00f6z\u00f6tti id\u0151szakban legal\u00e1bb egy napig rendszeres gyermekv\u00e9delmi kedvezm\u00e9nyre volt jogosult.<\/p>\n\n\n\n<p><strong>\u00dcgyint\u00e9z\u00e9shez sz\u00fcks\u00e9ges dokumentumok, okm\u00e1nyok, let\u00f6lthet\u0151 formanyomtatv\u00e1nyok:<\/strong><\/p>\n\n\n\n<p>A rendszeres gyermekv\u00e9delmi kedvezm\u00e9nyre val\u00f3 jogosults\u00e1g meg\u00e1llap\u00edt\u00e1sa ir\u00e1nti k\u00e9relem a Gyer. 3. sz\u00e1m\u00fa mell\u00e9klete szerinti formanyomtatv\u00e1nyon ny\u00fajthat\u00f3 be.<\/p>\n\n\n\n<p>A kit\u00f6lt\u00f6tt formanyomtatv\u00e1nyon beny\u00fajtott k\u00e9relemhez csatolni sz\u00fcks\u00e9ges a k\u00e9relmez\u0151 \u00e9s a vele k\u00f6z\u00f6s h\u00e1ztart\u00e1sban \u00e9l\u0151k j\u00f6vedelm\u00e9r\u0151l sz\u00f3l\u00f3 igazol\u00e1s(oka)t.<\/p>\n\n\n\n<p>Nagykor\u00fav\u00e1 v\u00e1lt gyermek eset\u00e9ben a k\u00e9relemhez csatolni sz\u00fcks\u00e9ges az oktat\u00e1si int\u00e9zm\u00e9ny igazol\u00e1s\u00e1t a nappali oktat\u00e1s munkarendje szerint fenn\u00e1ll\u00f3 tanul\u00f3i vagy hallgat\u00f3i jogviszonyr\u00f3l.<\/p>\n\n\n\n<p><strong><br>\u00dcgyint\u00e9z\u00e9s hat\u00e1rideje:<\/strong><\/p>\n\n\n\n<p>Somm\u00e1s elj\u00e1r\u00e1sban a hat\u00f3s\u00e1g a d\u00f6nt\u00e9st legfeljebb nyolc napon bel\u00fcl meghozza, egy\u00e9b esetben az \u00fcgyint\u00e9z\u00e9si hat\u00e1rid\u0151 huszonegy nap.<\/p>\n\n\n\n<p><strong><br>Jogorvoslat:<\/strong><\/p>\n\n\n\n<p>A fellebbez\u00e9st \u2013 ha t\u00f6rv\u00e9ny vagy korm\u00e1nyrendelet elt\u00e9r\u0151en nem rendelkezik \u2013 a d\u00f6nt\u00e9s k\u00f6zl\u00e9s\u00e9t\u0151l sz\u00e1m\u00edtott 15 napon bel\u00fcl lehet el\u0151terjeszteni, amely fellebbez\u00e9st a B\u00e1cs-Kiskun V\u00e1rmegyei Korm\u00e1nyhivatal Gy\u00e1m\u00fcgyi \u00e9s Igazs\u00e1g\u00fcgyi F\u0151oszt\u00e1ly Szoci\u00e1lis \u00e9s Gy\u00e1m\u00fcgyi Oszt\u00e1ly\u00e1hoz kell beny\u00fajtani. A fellebbez\u00e9s illet\u00e9kmentes.<\/p>\n\n\n\n<p><strong>Az \u00fcgyt\u00edpushoz kapcsol\u00f3d\u00f3 jogszab\u00e1lyok:<\/strong><\/p>\n\n\n\n<p><em>A gyermekek v\u00e9delm\u00e9r\u0151l \u00e9s a gy\u00e1m\u00fcgyi igazgat\u00e1sr\u00f3l sz\u00f3l\u00f3 1997. \u00e9vi XXXI. t\u00f6rv\u00e9ny<\/em> (tov\u00e1bbiakban Gyvt.) 19-20\/B. \u00a7.<\/p>\n\n\n\n<p><a href=\"https:\/\/njt.hu\/jogszabaly\/1997-31-00-00\">https:\/\/njt.hu\/jogszabaly\/1997-31-00-00<\/a><\/p>\n\n\n\n<p><em>A gy\u00e1mhat\u00f3s\u00e1gokr\u00f3l, valamint a gyermekv\u00e9delmi \u00e9s gy\u00e1m\u00fcgyi elj\u00e1r\u00e1sr\u00f3l sz\u00f3l\u00f3 149\/1997. (IX. 10.) Korm. rendelet <\/em>(tov\u00e1bbiakban Gyer.) 65-68. \u00a7.<\/p>\n\n\n\n<p><a href=\"https:\/\/njt.hu\/jogszabaly\/1997-147-20-22\">https:\/\/njt.hu\/jogszabaly\/1997-147-20-22<\/a><\/p>\n\n\n\n<p><em>Az \u00e1ltal\u00e1nos k\u00f6zigazgat\u00e1si rendtart\u00e1sr\u00f3l sz\u00f3l\u00f3 2016. \u00e9vi CL. t\u00f6rv\u00e9ny.<\/em><\/p>\n\n\n\n<p><em>Az illet\u00e9kekr\u0151l sz\u00f3l\u00f3 1990. \u00e9vi XCIII. t\u00f6rv\u00e9ny.<\/em><\/p>\n\n\n\n<p><strong>IGAZGAT\u00c1SI \u00dcGYEK<\/strong><\/p>\n\n\n\n<p><strong>\u00c1ltal\u00e1nos igazgat\u00e1si \u00fcgyek:<\/strong><\/p>\n\n\n\n<ul class=\"wp-block-list\">\n<li>\u00e1ltal\u00e1nos hirdetm\u00e9nyek kif\u00fcggeszt\u00e9s\u00e9nek \u00fcgyint\u00e9z\u00e9se az \u00e1gazati jogszab\u00e1lyok szerint,<\/li>\n\n\n\n<li>birtokv\u00e9delmi elj\u00e1r\u00e1s lefolytat\u00e1sa,<\/li>\n\n\n\n<li>c\u00edmkezel\u00e9si elj\u00e1r\u00e1s lefolytat\u00e1sa, c\u00edmnyilv\u00e1ntart\u00e1s vezet\u00e9se,<\/li>\n\n\n\n<li>Helyi V\u00e1laszt\u00e1si Iroda napi \u00fcgyint\u00e9z\u00e9s\u00e9vel kapcsolatos feladatok ell\u00e1t\u00e1sa,<\/li>\n\n\n\n<li>k\u00f6zponti c\u00edmregiszter adatb\u00e1zis kezel\u00e9se,<\/li>\n<\/ul>\n\n\n\n<ul class=\"wp-block-list\">\n<li>\u00e1llat- \u00e9s n\u00f6v\u00e9nyv\u00e9delmi, mez\u0151gazdas\u00e1gi, hullad\u00e9kgazd\u00e1lkod\u00e1si, zaj \u00e9s rezg\u00e9sv\u00e9delmi, egy\u00e9b k\u00f6rnyezetv\u00e9delmi, term\u00e9szetv\u00e9delmi k\u00f6zigazgat\u00e1si hat\u00f3s\u00e1gi \u00fcgyek \u00fcgyint\u00e9z\u00e9se,<\/li>\n\n\n\n<li>helyi jelent\u0151s\u00e9g\u0171 v\u00e9dett term\u00e9szeti ter\u00fclet eset\u00e9n el\u0151zetes vizsg\u00e1lati, k\u00f6rnyezet hat\u00e1svizsg\u00e1lati, \u00e9s egys\u00e9ges k\u00f6rnyezethaszn\u00e1lati enged\u00e9lyez\u00e9si elj\u00e1r\u00e1sban, \u00e9p\u00edt\u00e9s\u00fcgyi enged\u00e9lyez\u00e9si elj\u00e1r\u00e1sokban, term\u0151f\u00f6ld m\u00e1s c\u00e9l\u00fa hasznos\u00edt\u00e1s\u00e1nak enged\u00e9lyez\u00e9s\u00e9ben, \u00fat\u00fcgyi hat\u00f3s\u00e1gi elj\u00e1r\u00e1sokban szakhat\u00f3s\u00e1gi \u00e1ll\u00e1sfoglal\u00e1s kialak\u00edt\u00e1sa,<\/li>\n\n\n\n<li>k\u00f6zrem\u0171k\u00f6d\u00e9s a k\u00f6telez\u0151 eb-\u00f6ssze\u00edr\u00e1sban, eb-nyilv\u00e1ntart\u00e1s vezet\u00e9s\u00e9ben,<\/li>\n\n\n\n<li>m\u00e9h\u00e1llom\u00e1nyok tart\u00e1si hely\u00e9nek, v\u00e1ndoroltat\u00e1s\u00e1nak nyilv\u00e1ntart\u00e1sba v\u00e9tele,<\/li>\n\n\n\n<li>term\u0151f\u00f6ldek \u00e9rt\u00e9kes\u00edt\u00e9s\u00e9vel \u00e9s haszonb\u00e9rlet\u00e9vel kapcsolatos kif\u00fcggeszt\u00e9sek \u00fcgyint\u00e9z\u00e9se.<\/li>\n<\/ul>\n\n\n\n<ul class=\"wp-block-list\">\n<li>a 3,5 tonna \u00f6sszt\u00f6meget meghalad\u00f3 g\u00e9pj\u00e1rm\u0171vek telephelyen t\u00f6rt\u00e9n\u0151 t\u00e1rol\u00e1s\u00e1nak igazol\u00e1s\u00e1ra hat\u00f3s\u00e1gi bizony\u00edtv\u00e1ny ki\u00e1ll\u00edt\u00e1sa,<\/li>\n\n\n\n<li>az \u00fczletben, bev\u00e1s\u00e1rl\u00f3k\u00f6zpontban, v\u00e1s\u00e1ron vagy piacon folytatott kereskedelmi tev\u00e9kenys\u00e9g, valamint a k\u00f6zter\u00fcleti, illetve k\u00f6zvetlen \u00e9rt\u00e9kes\u00edt\u00e9s eset\u00e9ben kereskedelmi hat\u00f3s\u00e1gk\u00e9nt \u00e9s szolg\u00e1ltat\u00e1s fel\u00fcgyelet\u00e9t ell\u00e1t\u00f3 hat\u00f3s\u00e1gk\u00e9nt j\u00e1r el,<\/li>\n\n\n\n<li>ipari \u00e9s kereskedelmi \u00fcgyint\u00e9z\u00e9s (\u00fczletek m\u0171k\u00f6d\u00e9si enged\u00e9lyez\u00e9se, kereskedelmi tev\u00e9kenys\u00e9g bejelent\u00e9se, mozg\u00f3bolt \u00fatj\u00e1n folytatott kereskedelmi tev\u00e9kenys\u00e9g, csomagk\u00fcld\u0151 kereskedelem, k\u00f6zter\u00fcleti k\u00f6zvetlen \u00e9rt\u00e9kes\u00edt\u00e9s \u00e9s \u00fcgyn\u00f6ki, automat\u00e1b\u00f3l t\u00f6rt\u00e9n\u0151 \u00e9rt\u00e9kes\u00edt\u00e9s, valamint az \u00fczleten k\u00edv\u00fcli kereskedelmi tev\u00e9kenys\u00e9g kereskedelmi hat\u00f3s\u00e1gi \u00fcgyint\u00e9z\u00e9se, ellen\u0151rz\u00e9se),<\/li>\n\n\n\n<li>nyilv\u00e1ntart\u00e1sok vezet\u00e9se, hat\u00f3s\u00e1gi ellen\u0151rz\u00e9sek, valamint a v\u00e1s\u00e1rl\u00f3k k\u00f6nyv\u00e9nek hiteles\u00edt\u00e9se,<\/li>\n\n\n\n<li>telepenged\u00e9lyez\u00e9s, telep l\u00e9tes\u00edt\u00e9s\u00e9nek bejelent\u00e9s\u00e9vel kapcsolatos \u00fcgyint\u00e9z\u00e9s, ellen\u0151rz\u00e9s,<\/li>\n\n\n\n<li>zen\u00e9s, t\u00e1ncos rendezv\u00e9nyek enged\u00e9lyez\u00e9se, ellen\u0151rz\u00e9se.<\/li>\n<\/ul>\n\n\n\n<ul class=\"wp-block-list\">\n<li>\u00e1llampolg\u00e1rs\u00e1gi esk\u00fcvel\/fogadalomt\u00e9tellel kapcsolatos \u00fcgyint\u00e9z\u00e9s,<\/li>\n\n\n\n<li>az \u00fat\u00e9p\u00edt\u00e9si hozz\u00e1j\u00e1rul\u00e1sok kivet\u00e9s\u00e9vel kapcsolatos \u00f6nkorm\u00e1nyzati hat\u00f3s\u00e1gi elj\u00e1r\u00e1sokat lefolytat\u00e1sa,<\/li>\n\n\n\n<li>Helyi V\u00e1laszt\u00e1si Iroda napi \u00fcgyint\u00e9z\u00e9s\u00e9vel kapcsolatos feladatok ell\u00e1t\u00e1sa,<\/li>\n\n\n\n<li>k\u00f6zrem\u0171k\u00f6d\u00e9s a h\u00e1zass\u00e1gk\u00f6t\u00e9sekn\u00e9l, a bejegyzett \u00e9lett\u00e1rsi kapcsolatok l\u00e9tes\u00edt\u00e9s\u00e9n\u00e9l \u00e9s az egy\u00e9b csal\u00e1di esem\u00e9nyek szertart\u00e1sain\u00e1l,<\/li>\n<\/ul>\n\n\n\n<p><strong>Anyak\u00f6nyvi igazgat\u00e1si \u00fcgyek:<\/strong><\/p>\n\n\n\n<ul class=\"wp-block-list\">\n<li>anyak\u00f6nyvi esem\u00e9nyek anyak\u00f6nyvez\u00e9se,<\/li>\n\n\n\n<li>h\u00e1zass\u00e1gi n\u00e9vm\u00f3dos\u00edt\u00e1ssal kapcsolatos \u00fcgyint\u00e9z\u00e9s,<\/li>\n\n\n\n<li>int\u00e9zked\u00e9s a rendezetlen csal\u00e1di jog\u00e1ll\u00e1s\u00fa gyermek \u00fcgy\u00e9ben,<\/li>\n\n\n\n<li>k\u00e9relemre a k\u00fclf\u00f6ld\u00f6n t\u00f6rt\u00e9nt anyak\u00f6nyvi esem\u00e9nyek hazai anyak\u00f6nyvez\u00e9s\u00e9nek kezdem\u00e9nyez\u00e9se,<\/li>\n\n\n\n<li>k\u00f6zrem\u0171k\u00f6d\u00e9s a h\u00e1zass\u00e1gk\u00f6t\u00e9sekn\u00e9l, a bejegyzett \u00e9lett\u00e1rsi kapcsolatok l\u00e9tes\u00edt\u00e9s\u00e9n\u00e9l \u00e9s az egy\u00e9b csal\u00e1di esem\u00e9nyek szertart\u00e1sain\u00e1l,<\/li>\n\n\n\n<li>k\u00f6zrem\u0171k\u00f6d\u00e9s az \u00e1llampolg\u00e1rs\u00e1gi esk\u00fc vagy fogadalom let\u00e9tel\u00e9ben,<\/li>\n\n\n\n<li>sz\u00e9pkor\u00faak k\u00f6sz\u00f6nt\u00e9s\u00e9vel kapcsolatos adminisztrat\u00edv feladatok ell\u00e1t\u00e1sa,<\/li>\n\n\n\n<li>sz\u00fclet\u00e9si \u00e9s h\u00e1zass\u00e1gi n\u00e9vv\u00e1ltoz\u00e1ssal kapcsolatos k\u00e9relmek r\u00f6gz\u00edt\u00e9se \u00e9s tov\u00e1bb\u00edt\u00e1sa,<\/li>\n\n\n\n<li>teljes hat\u00e1ly\u00fa apai elismer\u0151 nyilatkozat felv\u00e9tele.<\/li>\n<\/ul>\n\n\n\n<p><strong>Hagyat\u00e9ki \u00fcgyek:<\/strong><\/p>\n\n\n\n<p>A jegyz\u0151 hat\u00e1sk\u00f6r\u00e9be tartoz\u00f3 hagyat\u00e9ki-, p\u00f3thagyat\u00e9ki elj\u00e1r\u00e1sok.<\/p>\n<div class=\"pvc_clear\"><\/div><p id=\"pvc_stats_7504\" class=\"pvc_stats all  \" data-element-id=\"7504\" style=\"\"><i class=\"pvc-stats-icon medium\" aria-hidden=\"true\"><svg aria-hidden=\"true\" focusable=\"false\" data-prefix=\"far\" data-icon=\"chart-bar\" role=\"img\" xmlns=\"http:\/\/www.w3.org\/2000\/svg\" viewBox=\"0 0 512 512\" class=\"svg-inline--fa fa-chart-bar fa-w-16 fa-2x\"><path fill=\"currentColor\" d=\"M396.8 352h22.4c6.4 0 12.8-6.4 12.8-12.8V108.8c0-6.4-6.4-12.8-12.8-12.8h-22.4c-6.4 0-12.8 6.4-12.8 12.8v230.4c0 6.4 6.4 12.8 12.8 12.8zm-192 0h22.4c6.4 0 12.8-6.4 12.8-12.8V140.8c0-6.4-6.4-12.8-12.8-12.8h-22.4c-6.4 0-12.8 6.4-12.8 12.8v198.4c0 6.4 6.4 12.8 12.8 12.8zm96 0h22.4c6.4 0 12.8-6.4 12.8-12.8V204.8c0-6.4-6.4-12.8-12.8-12.8h-22.4c-6.4 0-12.8 6.4-12.8 12.8v134.4c0 6.4 6.4 12.8 12.8 12.8zM496 400H48V80c0-8.84-7.16-16-16-16H16C7.16 64 0 71.16 0 80v336c0 17.67 14.33 32 32 32h464c8.84 0 16-7.16 16-16v-16c0-8.84-7.16-16-16-16zm-387.2-48h22.4c6.4 0 12.8-6.4 12.8-12.8v-70.4c0-6.4-6.4-12.8-12.8-12.8h-22.4c-6.4 0-12.8 6.4-12.8 12.8v70.4c0 6.4 6.4 12.8 12.8 12.8z\" class=\"\"><\/path><\/svg><\/i> <img loading=\"lazy\" decoding=\"async\" width=\"16\" height=\"16\" alt=\"Loading\" src=\"https:\/\/csavoly.hu\/wp\/wp-content\/plugins\/page-views-count\/ajax-loader-2x.gif\" border=0 \/><\/p><div class=\"pvc_clear\"><\/div>","protected":false},"excerpt":{"rendered":"<p>AD\u00d3\u00dcGYEK \u00dcgyfajta: Fizet\u00e9s m\u00f3dos\u00edt\u00e1si k\u00e9relem, r\u00e9szletfizet\u00e9si k\u00e9relem, ad\u00f3m\u00e9rs\u00e9kl\u00e9si k\u00e9relem, ad\u00f3el\u0151leg m\u00f3dos\u00edt\u00e1si k\u00e9relem, v\u00e9grehajt\u00e1si kifog\u00e1s Hat\u00e1sk\u00f6rrel rendelkez\u0151 szerv megnevez\u00e9se: Fels\u0151szentiv\u00e1ni K\u00f6z\u00f6s \u00d6nkorm\u00e1nyzati Hivatal Jegyz\u0151je &nbsp;Az \u00fcgyint\u00e9z\u00e9si folyamat le\u00edr\u00e1sa: &nbsp;Az elj\u00e1r\u00e1s kezdem\u00e9nyez\u0151je az ad\u00f3z\u00f3, az ad\u00f3fizet\u00e9sre k\u00f6telezett, vagy k\u00e9pvisel\u0151je, meghatalmazottja, tov\u00e1bb\u00e1 az \u00fcgy \u00e9rintettje lehet. &nbsp;A k\u00e9relem beny\u00fajt\u00e1s\u00e1ra nyitva \u00e1ll\u00f3 hat\u00e1rid\u0151: &nbsp;&#8211; a fizet\u00e9si halaszt\u00e1si, r\u00e9szletfizet\u00e9si, ad\u00f3m\u00e9rs\u00e9kl\u00e9si &hellip; <a href=\"https:\/\/csavoly.hu\/wp\/?page_id=7504\" class=\"more-link\"><span class=\"screen-reader-text\">\u00c1llamigazgat\u00e1si, \u00f6nkorm\u00e1nyzati, \u00e9s egy\u00e9b hat\u00f3s\u00e1gi \u00fcgyekben \u00fcgyfajt\u00e1nk\u00e9nt \u00e9s elj\u00e1r\u00e1st\u00edpusonk\u00e9nt a hat\u00e1sk\u00f6rrel rendelkez\u0151 szerv megnevez\u00e9se, hat\u00e1sk\u00f6r gyakorl\u00e1s\u00e1nak \u00e1truh\u00e1z\u00e1sa eset\u00e9n a t\u00e9nylegesen elj\u00e1r\u00f3 szerv megnevez\u00e9se, illet\u00e9kess\u00e9gi ter\u00fclete, az \u00fcgyint\u00e9z\u00e9shez sz\u00fcks\u00e9ges dokumentumok, okm\u00e1nyok, elj\u00e1r\u00e1si illet\u00e9kek (igazgat\u00e1si szolg\u00e1ltat\u00e1si d\u00edjak) meghat\u00e1roz\u00e1sa, alapvet\u0151 elj\u00e1r\u00e1si szab\u00e1lyok, az elj\u00e1r\u00e1st megind\u00edt\u00f3 irat beny\u00fajt\u00e1s\u00e1nak m\u00f3dja (helye, ideje), \u00fcgyf\u00e9lfogad\u00e1s ideje, az \u00fcgyint\u00e9z\u00e9s hat\u00e1rideje (elint\u00e9z\u00e9si, fellebbez\u00e9si hat\u00e1rid\u0151), az \u00fcgyek int\u00e9z\u00e9s\u00e9t seg\u00edt\u0151 \u00fatmutat\u00f3k, az \u00fcgymenetre vonatkoz\u00f3 t\u00e1j\u00e9koztat\u00e1s \u00e9s az \u00fcgyint\u00e9z\u00e9shez haszn\u00e1lt let\u00f6lthet\u0151 formanyomtatv\u00e1nyok, az ig\u00e9nybe vehet\u0151 elektronikus programok el\u00e9r\u00e9se, id\u0151pontfoglal\u00e1s, az \u00fcgyt\u00edpusokhoz kapcsol\u00f3d\u00f3 jogszab\u00e1lyok jegyz\u00e9ke, t\u00e1j\u00e9koztat\u00e1s az \u00fcgyfelet megillet\u0151 jogokr\u00f3l \u00e9s az \u00fcgyfelet terhel\u0151 k\u00f6telezetts\u00e9gekr\u0151l\u00a0<\/span> b\u0151vebben&#8230; <span class=\"meta-nav\">&rarr;<\/span><\/a><\/p>\n<div class=\"pvc_clear\"><\/div>\n<p id=\"pvc_stats_7504\" class=\"pvc_stats all  \" data-element-id=\"7504\" style=\"\"><i class=\"pvc-stats-icon medium\" aria-hidden=\"true\"><svg aria-hidden=\"true\" focusable=\"false\" data-prefix=\"far\" data-icon=\"chart-bar\" role=\"img\" xmlns=\"http:\/\/www.w3.org\/2000\/svg\" viewBox=\"0 0 512 512\" class=\"svg-inline--fa fa-chart-bar fa-w-16 fa-2x\"><path fill=\"currentColor\" d=\"M396.8 352h22.4c6.4 0 12.8-6.4 12.8-12.8V108.8c0-6.4-6.4-12.8-12.8-12.8h-22.4c-6.4 0-12.8 6.4-12.8 12.8v230.4c0 6.4 6.4 12.8 12.8 12.8zm-192 0h22.4c6.4 0 12.8-6.4 12.8-12.8V140.8c0-6.4-6.4-12.8-12.8-12.8h-22.4c-6.4 0-12.8 6.4-12.8 12.8v198.4c0 6.4 6.4 12.8 12.8 12.8zm96 0h22.4c6.4 0 12.8-6.4 12.8-12.8V204.8c0-6.4-6.4-12.8-12.8-12.8h-22.4c-6.4 0-12.8 6.4-12.8 12.8v134.4c0 6.4 6.4 12.8 12.8 12.8zM496 400H48V80c0-8.84-7.16-16-16-16H16C7.16 64 0 71.16 0 80v336c0 17.67 14.33 32 32 32h464c8.84 0 16-7.16 16-16v-16c0-8.84-7.16-16-16-16zm-387.2-48h22.4c6.4 0 12.8-6.4 12.8-12.8v-70.4c0-6.4-6.4-12.8-12.8-12.8h-22.4c-6.4 0-12.8 6.4-12.8 12.8v70.4c0 6.4 6.4 12.8 12.8 12.8z\" class=\"\"><\/path><\/svg><\/i> <img loading=\"lazy\" decoding=\"async\" width=\"16\" height=\"16\" alt=\"Loading\" src=\"https:\/\/csavoly.hu\/wp\/wp-content\/plugins\/page-views-count\/ajax-loader-2x.gif\" border=0 \/><\/p>\n<div class=\"pvc_clear\"><\/div>\n","protected":false},"author":3,"featured_media":0,"parent":0,"menu_order":0,"comment_status":"closed","ping_status":"closed","template":"","meta":{"footnotes":""},"class_list":["post-7504","page","type-page","status-publish","hentry"],"_links":{"self":[{"href":"https:\/\/csavoly.hu\/wp\/index.php?rest_route=\/wp\/v2\/pages\/7504"}],"collection":[{"href":"https:\/\/csavoly.hu\/wp\/index.php?rest_route=\/wp\/v2\/pages"}],"about":[{"href":"https:\/\/csavoly.hu\/wp\/index.php?rest_route=\/wp\/v2\/types\/page"}],"author":[{"embeddable":true,"href":"https:\/\/csavoly.hu\/wp\/index.php?rest_route=\/wp\/v2\/users\/3"}],"replies":[{"embeddable":true,"href":"https:\/\/csavoly.hu\/wp\/index.php?rest_route=%2Fwp%2Fv2%2Fcomments&post=7504"}],"version-history":[{"count":2,"href":"https:\/\/csavoly.hu\/wp\/index.php?rest_route=\/wp\/v2\/pages\/7504\/revisions"}],"predecessor-version":[{"id":7508,"href":"https:\/\/csavoly.hu\/wp\/index.php?rest_route=\/wp\/v2\/pages\/7504\/revisions\/7508"}],"wp:attachment":[{"href":"https:\/\/csavoly.hu\/wp\/index.php?rest_route=%2Fwp%2Fv2%2Fmedia&parent=7504"}],"curies":[{"name":"wp","href":"https:\/\/api.w.org\/{rel}","templated":true}]}}